{"id":27696,"date":"2023-07-25T10:09:07","date_gmt":"2023-07-25T07:09:07","guid":{"rendered":"https:\/\/u2b.umfst.ro\/?page_id=27696"},"modified":"2025-04-10T14:03:33","modified_gmt":"2025-04-10T11:03:33","slug":"angajatori","status":"publish","type":"page","link":"https:\/\/u2b.umfst.ro\/en\/angajatori\/","title":{"rendered":"Angajatori &#8211; University to Business UMFST"},"content":{"rendered":"<!--themify_builder_content-->\n<div id=\"themify_builder_content-27696\" data-postid=\"27696\" class=\"themify_builder_content themify_builder_content-27696 themify_builder tf_clear\">\n                    <div  data-css_id=\"xhtl363\" data-lazy=\"1\" class=\"module_row themify_builder_row fullheight fullwidth tb_xhtl363 tb_first tf_w wow\" data-tf-animation=\"fadeIn\" data-tf-animation_delay=\"0.5\">\n            <span  class=\"builder_row_cover tf_abs\" data-lazy=\"1\"><\/span>            <div class=\"row_inner col_align_middle tb_col_count_1 tf_box tf_rel\">\n                        <div  data-lazy=\"1\" class=\"module_column tb-column col-full tb_2gfp363 first\">\n                    <!-- module fancy heading -->\n<div  class=\"module module-fancy-heading tb_mihb346\" data-lazy=\"1\">\n        <h1 class=\"fancy-heading tf_textl\">\n    <span class=\"main-head tf_block\">\n                    <b>Opportunities offered by the university for employers<\/b>            <\/span>\n\n    \n    <span class=\"sub-head tf_block tf_rel\">\n                    Together, we're preparing  for the future!            <\/span>\n    <\/h1>\n<\/div>\n<!-- \/module fancy heading -->\n        <\/div>\n                        <\/div>\n        <\/div>\n                        <div  data-lazy=\"1\" class=\"module_row themify_builder_row fullheight tb_je32657 tf_w hide-desktop hide-tablet hide-tablet_landscape hover-wow wow\" data-tf-animation_hover=\"pulse\" data-tf-animation=\"fadeIn\">\n                        <div class=\"row_inner col_align_middle tb_col_count_1 tf_box tf_rel\">\n                        <div  data-lazy=\"1\" class=\"module_column tb-column col-full tb_t7d0819 first\">\n                    <!-- module image -->\n<div  class=\"module module-image tb_hgbf819 image-center   tf_mw\" data-lazy=\"1\">\n        <div class=\"image-wrap tf_rel tf_mw\">\n            <img decoding=\"async\" src=\"https:\/\/u2b.umfst.ro\/wp-content\/uploads\/2023\/06\/business.webp\" width=\"200\" class=\"wp-post-image wp-image-25637\" title=\"Bursa de cariere\" alt=\"Bursa de cariere\" srcset=\"https:\/\/u2b.umfst.ro\/wp-content\/uploads\/2023\/06\/business.webp 446w, https:\/\/u2b.umfst.ro\/wp-content\/uploads\/2023\/06\/business-300x283.webp 300w, https:\/\/u2b.umfst.ro\/wp-content\/uploads\/2023\/06\/business-445x420.webp 445w, https:\/\/u2b.umfst.ro\/wp-content\/uploads\/2023\/06\/business-200x188.webp 200w\" sizes=\"(max-width: 446px) 100vw, 446px\" \/>    \n        <\/div>\n    <!-- \/image-wrap -->\n    \n        <div class=\"image-content\">\n                    <h3 class=\"image-title\">\n                                    Bursa de cariere                            <\/h3>\n                    <\/div>\n    <!-- \/image-content -->\n        <\/div>\n<!-- \/module image --><!-- module text -->\n<div  class=\"module module-text tb_tses819\" data-lazy=\"1\">\n        <div  class=\"tb_text_wrap\">\n        <p>\u2714 Online platform for publishing career opportunities for students<\/p>    <\/div>\n<\/div>\n<!-- \/module text --><!-- module divider -->\n<div  class=\"module tf_mw module-divider tb_9nt1819 solid  divider-custom divider-center\" style=\"border-width: 1px;border-color: #8181f8;margin-bottom: 20px;max-width: 100px;\" data-lazy=\"1\">\n    <\/div>\n<!-- \/module divider -->\n<!-- module text -->\n<div  class=\"module module-text tb_l8xt819\" data-lazy=\"1\">\n        <div  class=\"tb_text_wrap\">\n        <p>\u2714 Internships or job placements are now much more visible to our students.<\/p>    <\/div>\n<\/div>\n<!-- \/module text --><!-- module divider -->\n<div  class=\"module tf_mw module-divider tb_w49c819 solid  divider-custom divider-center\" style=\"border-width: 1px;border-color: #8181f8;margin-bottom: 20px;max-width: 100px;\" data-lazy=\"1\">\n    <\/div>\n<!-- \/module divider -->\n<!-- module text -->\n<div  class=\"module module-text tb_vfzh819\" data-lazy=\"1\">\n        <div  class=\"tb_text_wrap\">\n        <p>\u2714For a superior experience, the UMFST Career Fair has integrated the Glosstar platform.<\/p>    <\/div>\n<\/div>\n<!-- \/module text --><!-- module buttons -->\n<div  class=\"module module-buttons tb_vuex819 buttons-horizontal solid   circle\" data-lazy=\"1\">\n        <div class=\"module-buttons-item tf_in_flx\">\n                        <a href=\"https:\/\/glosstar.ro\/university\/UMFST\" class=\"ui builder_button tf_in_flx blue\" >\n                                                Sign up                                        <\/a>\n                <\/div>\n            <\/div>\n<!-- \/module buttons -->\n        <\/div>\n                        <\/div>\n        <\/div>\n                        <div  data-lazy=\"1\" class=\"module_row themify_builder_row fullheight tb_62oc750 tf_w hide-desktop hide-tablet hide-tablet_landscape wow\" data-tf-animation=\"slideInRight\">\n                        <div class=\"row_inner col_align_middle tb_col_count_1 tf_box tf_rel\">\n                        <div  data-lazy=\"1\" class=\"module_column tb-column col-full tb_rqaf751 first\">\n                    <!-- module image -->\n<div  class=\"module module-image tb_ecw9751 image-center   tf_mw\" data-lazy=\"1\">\n        <div class=\"image-wrap tf_rel tf_mw\">\n            <img decoding=\"async\" src=\"https:\/\/u2b.umfst.ro\/wp-content\/uploads\/2023\/06\/personal.webp\" width=\"200\" class=\"wp-post-image wp-image-25638\" title=\"Company Hour\" alt=\"Company Hour\" srcset=\"https:\/\/u2b.umfst.ro\/wp-content\/uploads\/2023\/06\/personal.webp 446w, https:\/\/u2b.umfst.ro\/wp-content\/uploads\/2023\/06\/personal-300x283.webp 300w, https:\/\/u2b.umfst.ro\/wp-content\/uploads\/2023\/06\/personal-445x420.webp 445w, https:\/\/u2b.umfst.ro\/wp-content\/uploads\/2023\/06\/personal-200x188.webp 200w, https:\/\/u2b.umfst.ro\/wp-content\/uploads\/2023\/06\/personal-150x141.webp 150w\" sizes=\"(max-width: 446px) 100vw, 446px\" \/>    \n        <\/div>\n    <!-- \/image-wrap -->\n    \n        <div class=\"image-content\">\n                    <h3 class=\"image-title\">\n                                    Company Hour                            <\/h3>\n                    <\/div>\n    <!-- \/image-content -->\n        <\/div>\n<!-- \/module image --><!-- module text -->\n<div  class=\"module module-text tb_qb83751\" data-lazy=\"1\">\n        <div  class=\"tb_text_wrap\">\n        <p>\u2714 Workshop program supported by employers<\/p>    <\/div>\n<\/div>\n<!-- \/module text --><!-- module divider -->\n<div  class=\"module tf_mw module-divider tb_nxwi751 solid  divider-custom divider-center\" style=\"border-width: 1px;border-color: #8181f8;margin-bottom: 20px;max-width: 100px;\" data-lazy=\"1\">\n    <\/div>\n<!-- \/module divider -->\n<!-- module text -->\n<div  class=\"module module-text tb_9td5751\" data-lazy=\"1\">\n        <div  class=\"tb_text_wrap\">\n        <p>\u2714 By participating, you strengthen your employer brand among students.<\/p>    <\/div>\n<\/div>\n<!-- \/module text --><!-- module divider -->\n<div  class=\"module tf_mw module-divider tb_xw2i751 solid  divider-custom divider-center\" style=\"border-width: 1px;border-color: #8181f8;margin-bottom: 20px;max-width: 100px;\" data-lazy=\"1\">\n    <\/div>\n<!-- \/module divider -->\n<!-- module text -->\n<div  class=\"module module-text tb_del1751\" data-lazy=\"1\">\n        <div  class=\"tb_text_wrap\">\n        <p>\u2714 You are actively involved in preparing current students - future employees.<\/p>    <\/div>\n<\/div>\n<!-- \/module text --><!-- module buttons -->\n<div  class=\"module module-buttons tb_ewjq751 buttons-horizontal solid   circle\" data-lazy=\"1\">\n        <div class=\"module-buttons-item tf_in_flx\">\n                        <a href=\"https:\/\/u2b.umfst.ro\/en\/events\/\" class=\"ui builder_button tf_in_flx blue\" >\n                                                Vezi calendar                                        <\/a>\n                <\/div>\n            <\/div>\n<!-- \/module buttons -->\n        <\/div>\n                        <\/div>\n        <\/div>\n                        <div  data-lazy=\"1\" class=\"module_row themify_builder_row fullheight tb_xhyx584 tf_w hide-desktop hide-tablet hide-tablet_landscape wow\" data-tf-animation=\"slideInLeft\">\n                        <div class=\"row_inner col_align_middle tb_col_count_1 tf_box tf_rel\">\n                        <div  data-lazy=\"1\" class=\"module_column tb-column col4-1 tb_a048429 first\">\n                    <!-- module image -->\n<div  class=\"module module-image tb_0md4429 image-center   tf_mw\" data-lazy=\"1\">\n        <div class=\"image-wrap tf_rel tf_mw\">\n            <img decoding=\"async\" src=\"https:\/\/u2b.umfst.ro\/wp-content\/uploads\/2025\/03\/simbol_200_2.png\" width=\"200\" class=\"wp-post-image wp-image-45191\" title=\"Fa\u021b\u0103 \u00een fa\u021b\u0103 cu angajatorii\" alt=\"Fa\u021b\u0103 \u00een fa\u021b\u0103 cu angajatorii\" srcset=\"https:\/\/u2b.umfst.ro\/wp-content\/uploads\/2025\/03\/simbol_200_2.png 202w, https:\/\/u2b.umfst.ro\/wp-content\/uploads\/2025\/03\/simbol_200_2-150x150.png 150w, https:\/\/u2b.umfst.ro\/wp-content\/uploads\/2025\/03\/simbol_200_2-100x100.png 100w, https:\/\/u2b.umfst.ro\/wp-content\/uploads\/2025\/03\/simbol_200_2-200x200.png 200w\" sizes=\"(max-width: 202px) 100vw, 202px\" \/>    \n        <\/div>\n    <!-- \/image-wrap -->\n    \n        <div class=\"image-content\">\n                    <h3 class=\"image-title\">\n                                    Fa\u021b\u0103 \u00een fa\u021b\u0103 cu angajatorii                            <\/h3>\n                    <\/div>\n    <!-- \/image-content -->\n        <\/div>\n<!-- \/module image --><!-- module text -->\n<div  class=\"module module-text tb_msht429\" data-lazy=\"1\">\n        <div  class=\"tb_text_wrap\">\n        <p>\u2714 Annual career fair organized by the university<\/p>    <\/div>\n<\/div>\n<!-- \/module text --><!-- module divider -->\n<div  class=\"module tf_mw module-divider tb_06ea429 solid  divider-custom divider-center\" style=\"border-width: 1px;border-color: #8181f8;margin-bottom: 20px;max-width: 100px;\" data-lazy=\"1\">\n    <\/div>\n<!-- \/module divider -->\n<!-- module text -->\n<div  class=\"module module-text tb_j9y0429\" data-lazy=\"1\">\n        <div  class=\"tb_text_wrap\">\n        <p>You have the opportunity to recruit the best students for your organization.<\/p>    <\/div>\n<\/div>\n<!-- \/module text --><!-- module divider -->\n<div  class=\"module tf_mw module-divider tb_dpka429 solid  divider-custom divider-center\" style=\"border-width: 1px;border-color: #8181f8;margin-bottom: 20px;max-width: 100px;\" data-lazy=\"1\">\n    <\/div>\n<!-- \/module divider -->\n<!-- module text -->\n<div  class=\"module module-text tb_8m45429\" data-lazy=\"1\">\n        <div  class=\"tb_text_wrap\">\n        <p>\u2714 You make yourself known as an employer among students.<\/p>    <\/div>\n<\/div>\n<!-- \/module text --><!-- module buttons -->\n<div  class=\"module module-buttons tb_9gmp429 buttons-horizontal solid   circle\" data-lazy=\"1\">\n        <div class=\"module-buttons-item tf_in_flx\">\n                        <a href=\"https:\/\/u2b.umfst.ro\/en\/ffa\/\" class=\"ui builder_button tf_in_flx blue\" >\n                                                Find out more                                        <\/a>\n                <\/div>\n            <\/div>\n<!-- \/module buttons -->\n        <\/div>\n                        <\/div>\n        <\/div>\n                        <div  data-lazy=\"1\" class=\"module_row themify_builder_row fullheight tb_gp2o59 tf_w hide-desktop hide-tablet hide-tablet_landscape wow\" data-tf-animation=\"slideInRight\">\n                        <div class=\"row_inner col_align_middle tb_col_count_1 tf_box tf_rel\">\n                        <div  data-lazy=\"1\" class=\"module_column tb-column col-full tb_876560 first\">\n                    <!-- module image -->\n<div  class=\"module module-image tb_ukps60 image-center   tf_mw\" data-lazy=\"1\">\n        <div class=\"image-wrap tf_rel tf_mw\">\n            <img decoding=\"async\" src=\"https:\/\/u2b.umfst.ro\/wp-content\/uploads\/2023\/06\/enterprise-2.webp\" width=\"200\" class=\"wp-post-image wp-image-25639\" title=\"Cercetare aplicat\u0103\" alt=\"Cercetare aplicat\u0103\" srcset=\"https:\/\/u2b.umfst.ro\/wp-content\/uploads\/2023\/06\/enterprise-2.webp 446w, https:\/\/u2b.umfst.ro\/wp-content\/uploads\/2023\/06\/enterprise-2-300x283.webp 300w, https:\/\/u2b.umfst.ro\/wp-content\/uploads\/2023\/06\/enterprise-2-445x420.webp 445w, https:\/\/u2b.umfst.ro\/wp-content\/uploads\/2023\/06\/enterprise-2-245x231.webp 245w, https:\/\/u2b.umfst.ro\/wp-content\/uploads\/2023\/06\/enterprise-2-200x188.webp 200w\" sizes=\"(max-width: 446px) 100vw, 446px\" \/>    \n        <\/div>\n    <!-- \/image-wrap -->\n    \n        <div class=\"image-content\">\n                    <h3 class=\"image-title\">\n                                    Cercetare aplicat\u0103                            <\/h3>\n                    <\/div>\n    <!-- \/image-content -->\n        <\/div>\n<!-- \/module image --><!-- module text -->\n<div  class=\"module module-text tb_9xap60\" data-lazy=\"1\">\n        <div  class=\"tb_text_wrap\">\n        <p>\u2714 Universitatea dispune de o re\u021bea proprie de centre de cercetare<\/p>    <\/div>\n<\/div>\n<!-- \/module text --><!-- module divider -->\n<div  class=\"module tf_mw module-divider tb_u7nt60 solid  divider-custom divider-center\" style=\"border-width: 1px;border-color: #8181f8;margin-bottom: 20px;max-width: 100px;\" data-lazy=\"1\">\n    <\/div>\n<!-- \/module divider -->\n<!-- module text -->\n<div  class=\"module module-text tb_jmht60\" data-lazy=\"1\">\n        <div  class=\"tb_text_wrap\">\n        <p>\u2714 Together we can develop innovative solutions<\/p>    <\/div>\n<\/div>\n<!-- \/module text --><!-- module divider -->\n<div  class=\"module tf_mw module-divider tb_yxrb60 solid  divider-custom divider-center\" style=\"border-width: 1px;border-color: #8181f8;margin-bottom: 20px;max-width: 100px;\" data-lazy=\"1\">\n    <\/div>\n<!-- \/module divider -->\n<!-- module text -->\n<div  class=\"module module-text tb_6wmd60\" data-lazy=\"1\">\n        <div  class=\"tb_text_wrap\">\n        <p>\u2714 We have state-of-the-art equipment and the necessary human resources for carrying out joint research projects.<\/p>    <\/div>\n<\/div>\n<!-- \/module text --><!-- module buttons -->\n<div  class=\"module module-buttons tb_aot060 buttons-horizontal solid  small circle\" data-lazy=\"1\">\n        <div class=\"module-buttons-item tf_in_flx\">\n                        <a href=\"https:\/\/u2b.umfst.ro\/en\/cercetare\/\" class=\"ui builder_button tf_in_flx blue\" >\n                                                Find out more                                        <\/a>\n                <\/div>\n            <\/div>\n<!-- \/module buttons -->\n        <\/div>\n                        <\/div>\n        <\/div>\n                        <div  data-css_id=\"a7zf756\" data-lazy=\"1\" class=\"module_row themify_builder_row fullheight fullwidth_row_container tb_a7zf756 tf_w hide-mobile\">\n                        <div class=\"row_inner col_align_middle tb_col_count_1 tf_box tf_rel\">\n                        <div  data-lazy=\"1\" class=\"module_column tb-column col-full tb_uu2k756 first\">\n                            <div  data-lazy=\"1\" class=\"module_subrow themify_builder_sub_row tf_w col_align_middle tb_col_count_4 tb_y9lb943\">\n                <div  data-lazy=\"1\" class=\"module_column sub_column col4-1 tb_9f0w943 first\">\n                    <!-- module feature -->\n<div  class=\"module module-feature tb_2omp506 no-chart layout-icon-top size-small\" data-layout-mobile=\"icon-top\" data-layout-desktop=\"icon-top\" data-lazy=\"1\">\n        <div class=\"module-feature-image tf_textc tf_rel\">\n                            <span class=\"module-feature-chart-html5 tf_box tf_rel tf_inline_b\">\n                                <span class=\"chart-html5-circle tf_w tf_h\">\n                    <img decoding=\"async\" src=\"https:\/\/u2b.umfst.ro\/wp-content\/uploads\/2023\/06\/personal-100x100.webp\" width=\"100\" height=\"100\" class=\"wp-post-image wp-image-25638\" title=\"personal\" style=\"width:calc(100% - 0px);height:calc(100% - 0px)\" alt=\"Bursa de Cariere&lt;br&gt;&lt;br&gt;\" srcset=\"https:\/\/u2b.umfst.ro\/wp-content\/uploads\/2023\/06\/personal-100x100.webp 100w, https:\/\/u2b.umfst.ro\/wp-content\/uploads\/2023\/06\/personal-150x150.webp 150w, https:\/\/u2b.umfst.ro\/wp-content\/uploads\/2023\/06\/personal-200x200.webp 200w\" sizes=\"(max-width: 100px) 100vw, 100px\" \/>                                    <\/span>\n\n                \n            <\/span>\n                <\/div>\n    <div class=\"module-feature-content tf_textc\">\n                    <h3 class=\"module-feature-title\">\n                            Career Marketplace<br><br>                        <\/h3>\n                    <div class=\"tb_text_wrap\">\n            <p>\u2714 Online platform for publishing career opportunities for students<\/p>\n<p>\u2714 Internships or job placements are now much more visible to our students.<\/p>\n<p>\u2714For a superior experience, the UMFST Career Fair has integrated the Glosstar platform.<\/p>        <\/div>\n    <\/div>\n<\/div>\n<!-- \/module feature -->\n<!-- module buttons -->\n<div  class=\"module module-buttons tb_wr9g801 buttons-horizontal solid   circle buttons-fullwidth hover-wow\" data-tf-animation_hover=\"pulse\" data-lazy=\"1\">\n        <div class=\"module-buttons-item tf_in_flx\">\n                        <a href=\"https:\/\/glosstar.ro\/university\/UMFST\" class=\"ui builder_button tf_in_flx blue\" >\n                                                Sign up                                        <\/a>\n                <\/div>\n            <\/div>\n<!-- \/module buttons -->\n        <\/div>\n                    <div  data-lazy=\"1\" class=\"module_column sub_column col4-1 tb_hmm7517\">\n                    <!-- module feature -->\n<div  class=\"module module-feature tb_ndmn401 no-chart layout-icon-top size-small\" data-layout-mobile=\"icon-top\" data-layout-desktop=\"icon-top\" data-lazy=\"1\">\n        <div class=\"module-feature-image tf_textc tf_rel\">\n                            <span class=\"module-feature-chart-html5 tf_box tf_rel tf_inline_b\">\n                                <span class=\"chart-html5-circle tf_w tf_h\">\n                    <img decoding=\"async\" src=\"https:\/\/u2b.umfst.ro\/wp-content\/uploads\/2023\/06\/business-100x100.webp\" width=\"100\" height=\"100\" class=\"wp-post-image wp-image-25637\" title=\"business\" style=\"width:calc(100% - 4px);height:calc(100% - 4px)\" alt=\"Company Hour&lt;br&gt;&lt;br&gt;\" srcset=\"https:\/\/u2b.umfst.ro\/wp-content\/uploads\/2023\/06\/business-100x100.webp 100w, https:\/\/u2b.umfst.ro\/wp-content\/uploads\/2023\/06\/business-150x150.webp 150w, https:\/\/u2b.umfst.ro\/wp-content\/uploads\/2023\/06\/business-200x200.webp 200w\" sizes=\"(max-width: 100px) 100vw, 100px\" \/>                                    <\/span>\n\n                \n            <\/span>\n                <\/div>\n    <div class=\"module-feature-content tf_textc\">\n                    <h3 class=\"module-feature-title\">\n                            Company Hour<br><br>                        <\/h3>\n                    <div class=\"tb_text_wrap\">\n            <p>\u2714 Workshop program supported by employers<\/p>\n<p>\u2714 By participating, you strengthen your employer brand among students.<\/p>\n<p>\u2714 You are actively involved in preparing current students - future employees.<\/p>        <\/div>\n    <\/div>\n<\/div>\n<!-- \/module feature -->\n<!-- module buttons -->\n<div  class=\"module module-buttons tb_uu5q827 buttons-horizontal solid   circle buttons-fullwidth hover-wow\" data-tf-animation_hover=\"pulse\" data-lazy=\"1\">\n        <div class=\"module-buttons-item tf_in_flx\">\n                        <a href=\"https:\/\/u2b.umfst.ro\/en\/events\/\" class=\"ui builder_button tf_in_flx blue\" >\n                                                Calendar                                        <\/a>\n                <\/div>\n            <\/div>\n<!-- \/module buttons -->\n        <\/div>\n                    <div  data-lazy=\"1\" class=\"module_column sub_column col4-1 tb_5ci7802\">\n                    <!-- module feature -->\n<div  class=\"module module-feature tb_d6y4285 no-chart layout-icon-top size-small\" data-layout-mobile=\"icon-top\" data-layout-desktop=\"icon-top\" data-lazy=\"1\">\n        <div class=\"module-feature-image tf_textc tf_rel\">\n                            <span class=\"module-feature-chart-html5 tf_box tf_rel tf_inline_b\">\n                                <span class=\"chart-html5-circle tf_w tf_h\">\n                    <img decoding=\"async\" src=\"https:\/\/u2b.umfst.ro\/wp-content\/uploads\/2025\/03\/simbol_200_2-100x100.png\" width=\"100\" height=\"100\" class=\"wp-post-image wp-image-45191\" title=\"simbol_200_2\" style=\"width:calc(100% - 0px);height:calc(100% - 0px)\" alt=\"Fa\u021b\u0103 \u00een Fa\u021b\u0103 cu Angajatorii&lt;br&gt;&lt;br&gt;\" srcset=\"https:\/\/u2b.umfst.ro\/wp-content\/uploads\/2025\/03\/simbol_200_2-100x100.png 100w, https:\/\/u2b.umfst.ro\/wp-content\/uploads\/2025\/03\/simbol_200_2-150x150.png 150w, https:\/\/u2b.umfst.ro\/wp-content\/uploads\/2025\/03\/simbol_200_2-200x200.png 200w, https:\/\/u2b.umfst.ro\/wp-content\/uploads\/2025\/03\/simbol_200_2.png 202w\" sizes=\"(max-width: 100px) 100vw, 100px\" \/>                                    <\/span>\n\n                \n            <\/span>\n                <\/div>\n    <div class=\"module-feature-content tf_textc\">\n                    <h3 class=\"module-feature-title\">\n                            Face to Face with Employers<br><br>                        <\/h3>\n                    <div class=\"tb_text_wrap\">\n            <p style=\"text-align: center\">\u2714 Annual career fair organized by the university<span style=\"font-size: 1vw\">\u00a0<\/span><\/p>\n<p>You have the opportunity to recruit the best students for your organization.<span style=\"font-size: 1vw\">\u00a0<\/span><\/p>\n<p>\u2714 You make yourself known as an employer among students.<\/p>        <\/div>\n    <\/div>\n<\/div>\n<!-- \/module feature -->\n<!-- module buttons -->\n<div  class=\"module module-buttons tb_ybx691 buttons-horizontal solid   circle buttons-fullwidth hover-wow\" data-tf-animation_hover=\"pulse\" data-lazy=\"1\">\n        <div class=\"module-buttons-item tf_in_flx\">\n                        <a href=\"https:\/\/u2b.umfst.ro\/en\/ffa\/\" class=\"ui builder_button tf_in_flx blue\" >\n                                                Link                                        <\/a>\n                <\/div>\n            <\/div>\n<!-- \/module buttons -->\n        <\/div>\n                    <div  data-lazy=\"1\" class=\"module_column sub_column col4-1 tb_7ylb440 last\">\n                    <!-- module feature -->\n<div  class=\"module module-feature tb_4ii4577 no-chart layout-icon-top size-small\" data-layout-mobile=\"icon-top\" data-layout-desktop=\"icon-top\" data-lazy=\"1\">\n        <div class=\"module-feature-image tf_textc tf_rel\">\n                            <span class=\"module-feature-chart-html5 tf_box tf_rel tf_inline_b\">\n                                <span class=\"chart-html5-circle tf_w tf_h\">\n                    <img loading=\"lazy\" decoding=\"async\" src=\"https:\/\/u2b.umfst.ro\/wp-content\/uploads\/2023\/06\/enterprise-2-100x100.webp\" width=\"100\" height=\"100\" class=\"wp-post-image wp-image-25639\" title=\"enterprise-2\" style=\"width:calc(100% - 0px);height:calc(100% - 0px)\" alt=\"Cercetare Aplicat\u0103&lt;br&gt;&lt;br&gt;\" srcset=\"https:\/\/u2b.umfst.ro\/wp-content\/uploads\/2023\/06\/enterprise-2-100x100.webp 100w, https:\/\/u2b.umfst.ro\/wp-content\/uploads\/2023\/06\/enterprise-2-150x150.webp 150w\" sizes=\"(max-width: 100px) 100vw, 100px\" \/>                                    <\/span>\n\n                \n            <\/span>\n                <\/div>\n    <div class=\"module-feature-content tf_textc\">\n                    <h3 class=\"module-feature-title\">\n                            Applied Research<br><br>                        <\/h3>\n                    <div class=\"tb_text_wrap\">\n            <p>\u2714 The university has its own network of research centers.<\/p>\n<p>\u2714 Together we can develop innovative solutions<\/p>\n<p>\u2714 We have state-of-the-art equipment and the necessary human resources for carrying out joint research projects.<\/p>        <\/div>\n    <\/div>\n<\/div>\n<!-- \/module feature -->\n<!-- module buttons -->\n<div  class=\"module module-buttons tb_05vh382 buttons-horizontal solid   circle buttons-fullwidth hover-wow\" data-tf-animation_hover=\"pulse\" data-lazy=\"1\">\n        <div class=\"module-buttons-item tf_in_flx\">\n                        <a href=\"https:\/\/u2b.umfst.ro\/en\/cercetare\/\" class=\"ui builder_button tf_in_flx blue\" >\n                                                Find out more                                        <\/a>\n                <\/div>\n            <\/div>\n<!-- \/module buttons -->\n        <\/div>\n                    <\/div>\n                <\/div>\n                        <\/div>\n        <\/div>\n        <\/div>\n<!--\/themify_builder_content-->","protected":false},"excerpt":{"rendered":"<p>\u2714 Online platform for publishing career opportunities for students<\/p>","protected":false},"author":3,"featured_media":0,"parent":0,"menu_order":0,"comment_status":"closed","ping_status":"closed","template":"","meta":{"footnotes":""},"class_list":["post-27696","page","type-page","status-publish","hentry","has-post-title","has-post-date","has-post-category","has-post-tag","has-post-comment","has-post-author",""],"aioseo_notices":[],"builder_content":"<h1><b>Oportunit\u0103\u021bi oferite de universitate pentru angajatori<\/b><br\/>Ne preg\u0103tim \u00eempreun\u0103 pentru viitor<\/h1>\n<img src=\"https:\/\/u2b.umfst.ro\/wp-content\/uploads\/2023\/06\/business.webp\" width=\"200\" title=\"Bursa de cariere\" alt=\"Bursa de cariere\" srcset=\"https:\/\/u2b.umfst.ro\/wp-content\/uploads\/2023\/06\/business.webp 446w, https:\/\/u2b.umfst.ro\/wp-content\/uploads\/2023\/06\/business-300x283.webp 300w, https:\/\/u2b.umfst.ro\/wp-content\/uploads\/2023\/06\/business-445x420.webp 445w, https:\/\/u2b.umfst.ro\/wp-content\/uploads\/2023\/06\/business-200x188.webp 200w\" sizes=\"(max-width: 446px) 100vw, 446px\" \/> <h3> Bursa de cariere <\/h3>\n<p>\u2009\u2714 Platform\u0103 online pentru publicarea oprotunit\u0103\u021bilor de carier\u0103 pentru studen\u021bi<\/p>\n\n<p>\u2714 Stagiile de practic\u0103 \/ internship sau locurile de munc\u0103 sunt acum mult mai vizibile pentru studen\u021bii no\u0219tri<\/p>\n\n<p>\u2714Pentru o experien\u021b\u0103 superioar\u0103 Bursa de cariere UMFST\u00a0 a integrat platforma Glosstar<\/p>\n<a href=\"https:\/\/glosstar.ro\/university\/UMFST\" > \u00censcrie-te <\/a>\n<img src=\"https:\/\/u2b.umfst.ro\/wp-content\/uploads\/2023\/06\/personal.webp\" width=\"200\" title=\"Company Hour\" alt=\"Company Hour\" srcset=\"https:\/\/u2b.umfst.ro\/wp-content\/uploads\/2023\/06\/personal.webp 446w, https:\/\/u2b.umfst.ro\/wp-content\/uploads\/2023\/06\/personal-300x283.webp 300w, https:\/\/u2b.umfst.ro\/wp-content\/uploads\/2023\/06\/personal-445x420.webp 445w, https:\/\/u2b.umfst.ro\/wp-content\/uploads\/2023\/06\/personal-200x188.webp 200w, https:\/\/u2b.umfst.ro\/wp-content\/uploads\/2023\/06\/personal-150x141.webp 150w\" sizes=\"(max-width: 446px) 100vw, 446px\" \/> <h3> Company Hour <\/h3>\n<p>\u2714 Program de workshop-uri sus\u021binute de angajatori<\/p>\n\n<p>\u2714 Particip\u00e2nd \u00ee\u021bi consolidezi brand-ul de angajator \u00een r\u00e2ndul studen\u021bilor<\/p>\n\n<p>\u2714 Te implici activ \u00een preg\u0103tirea actualilor studen\u021bi - viitori angaja\u021bi<\/p>\n<a href=\"https:\/\/u2b.umfst.ro\/events\/\" > Vezi calendar <\/a>\n<img src=\"https:\/\/u2b.umfst.ro\/wp-content\/uploads\/2025\/03\/simbol_200_2.png\" width=\"200\" title=\"Fa\u021b\u0103 \u00een fa\u021b\u0103 cu angajatorii\" alt=\"Fa\u021b\u0103 \u00een fa\u021b\u0103 cu angajatorii\" srcset=\"https:\/\/u2b.umfst.ro\/wp-content\/uploads\/2025\/03\/simbol_200_2.png 202w, https:\/\/u2b.umfst.ro\/wp-content\/uploads\/2025\/03\/simbol_200_2-150x150.png 150w, https:\/\/u2b.umfst.ro\/wp-content\/uploads\/2025\/03\/simbol_200_2-100x100.png 100w, https:\/\/u2b.umfst.ro\/wp-content\/uploads\/2025\/03\/simbol_200_2-200x200.png 200w\" sizes=\"(max-width: 202px) 100vw, 202px\" \/> <h3> Fa\u021b\u0103 \u00een fa\u021b\u0103 cu angajatorii <\/h3>\n<p>\u2714 T\u00e2rg anual de cariere organizat de universitate<\/p>\n\n<p>\u2714 Ai posibilitatea de a recruta cei mai buni studen\u021bi pentru organiza\u021bia ta<\/p>\n\n<p>\u2714 Te faci cunoscut ca anagajator \u00een r\u00e2ndul studen\u021bilor<\/p>\n<a href=\"https:\/\/u2b.umfst.ro\/ffa\/\" > Afl\u0103 mai multe <\/a>\n<img src=\"https:\/\/u2b.umfst.ro\/wp-content\/uploads\/2023\/06\/enterprise-2.webp\" width=\"200\" title=\"Cercetare aplicat\u0103\" alt=\"Cercetare aplicat\u0103\" srcset=\"https:\/\/u2b.umfst.ro\/wp-content\/uploads\/2023\/06\/enterprise-2.webp 446w, https:\/\/u2b.umfst.ro\/wp-content\/uploads\/2023\/06\/enterprise-2-300x283.webp 300w, https:\/\/u2b.umfst.ro\/wp-content\/uploads\/2023\/06\/enterprise-2-445x420.webp 445w, https:\/\/u2b.umfst.ro\/wp-content\/uploads\/2023\/06\/enterprise-2-245x231.webp 245w, https:\/\/u2b.umfst.ro\/wp-content\/uploads\/2023\/06\/enterprise-2-200x188.webp 200w\" sizes=\"(max-width: 446px) 100vw, 446px\" \/> <h3> Cercetare aplicat\u0103 <\/h3>\n<p>\u2714 Universitatea dispune de o re\u021bea proprie de centre de cercetare<\/p>\n\n<p>\u2714 \u00cempreun\u0103 putem dezvolta solu\u021bii inovatoare<\/p>\n\n<p>\u2714 Dispunem de echipamente de ultim\u0103 genera\u021bie \u0219i de resursa uman\u0103 necesar\u0103 derul\u0103rii de proiecte de cercetare comune<\/p>\n<a href=\"https:\/\/u2b.umfst.ro\/cercetare\" > Afl\u0103 mai multe <\/a>\n<img src=\"https:\/\/u2b.umfst.ro\/wp-content\/uploads\/2023\/06\/personal-100x100.webp\" width=\"100\" height=\"100\" title=\"personal\" style=\"width:calc(100% - 0px);height:calc(100% - 0px)\" alt=\"Bursa de Cariere&lt;br&gt;&lt;br&gt;\" srcset=\"https:\/\/u2b.umfst.ro\/wp-content\/uploads\/2023\/06\/personal-100x100.webp 100w, https:\/\/u2b.umfst.ro\/wp-content\/uploads\/2023\/06\/personal-150x150.webp 150w, https:\/\/u2b.umfst.ro\/wp-content\/uploads\/2023\/06\/personal-200x200.webp 200w\" sizes=\"(max-width: 100px) 100vw, 100px\" \/> \n <h3> Bursa de Cariere<br><br> <\/h3> <p>\u2009\u2714 Platform\u0103 online pentru publicarea oprotunit\u0103\u021bilor de carier\u0103 pentru studen\u021bi<\/p> <p>\u2714 Stagiile de practic\u0103 \/ internship sau locurile de munc\u0103 sunt acum mult mai vizibile pentru studen\u021bii no\u0219tri<\/p> <p>\u2714Pentru o experien\u021b\u0103 superioar\u0103 Bursa de cariere UMFST\u00a0 a integrat platforma Glosstar<\/p>\n<a href=\"https:\/\/glosstar.ro\/university\/UMFST\" > \u00censcrie-te <\/a>\n<img src=\"https:\/\/u2b.umfst.ro\/wp-content\/uploads\/2023\/06\/business-100x100.webp\" width=\"100\" height=\"100\" title=\"business\" style=\"width:calc(100% - 4px);height:calc(100% - 4px)\" alt=\"Company Hour&lt;br&gt;&lt;br&gt;\" srcset=\"https:\/\/u2b.umfst.ro\/wp-content\/uploads\/2023\/06\/business-100x100.webp 100w, https:\/\/u2b.umfst.ro\/wp-content\/uploads\/2023\/06\/business-150x150.webp 150w, https:\/\/u2b.umfst.ro\/wp-content\/uploads\/2023\/06\/business-200x200.webp 200w\" sizes=\"(max-width: 100px) 100vw, 100px\" \/> \n <h3> Company Hour<br><br> <\/h3> <p>\u2714 Program de workshop-uri sus\u021binute de angajatori<\/p> <p>\u2714 Particip\u00e2nd \u00ee\u021bi consolidezi brand-ul de angajator \u00een r\u00e2ndul studen\u021bilor<\/p> <p>\u2714 Te implici activ \u00een preg\u0103tirea actualilor studen\u021bi - viitori angaja\u021bi<\/p>\n<a href=\"https:\/\/u2b.umfst.ro\/events\/\" > Calendar <\/a>\n<img src=\"https:\/\/u2b.umfst.ro\/wp-content\/uploads\/2025\/03\/simbol_200_2-100x100.png\" width=\"100\" height=\"100\" title=\"simbol_200_2\" style=\"width:calc(100% - 0px);height:calc(100% - 0px)\" alt=\"Fa\u021b\u0103 \u00een Fa\u021b\u0103 cu Angajatorii&lt;br&gt;&lt;br&gt;\" srcset=\"https:\/\/u2b.umfst.ro\/wp-content\/uploads\/2025\/03\/simbol_200_2-100x100.png 100w, https:\/\/u2b.umfst.ro\/wp-content\/uploads\/2025\/03\/simbol_200_2-150x150.png 150w, https:\/\/u2b.umfst.ro\/wp-content\/uploads\/2025\/03\/simbol_200_2-200x200.png 200w, https:\/\/u2b.umfst.ro\/wp-content\/uploads\/2025\/03\/simbol_200_2.png 202w\" sizes=\"(max-width: 100px) 100vw, 100px\" \/> \n <h3> Fa\u021b\u0103 \u00een Fa\u021b\u0103 cu Angajatorii<br><br> <\/h3> <p style=\"text-align: center\">\u2714 T\u00e2rg anual de cariere organizat de universitate\u00a0<\/p> <p>\u2714 Ai posibilitatea de a recruta cei mai buni studen\u021bi pentru organiza\u021bia ta\u00a0<\/p> <p>\u2714 Te faci cunoscut ca anagajator \u00een r\u00e2ndul studen\u021bilor<\/p>\n<a href=\"https:\/\/u2b.umfst.ro\/ffa\" > Link <\/a>\n<img src=\"https:\/\/u2b.umfst.ro\/wp-content\/uploads\/2023\/06\/enterprise-2-100x100.webp\" width=\"100\" height=\"100\" title=\"enterprise-2\" style=\"width:calc(100% - 0px);height:calc(100% - 0px)\" alt=\"Cercetare Aplicat\u0103&lt;br&gt;&lt;br&gt;\" srcset=\"https:\/\/u2b.umfst.ro\/wp-content\/uploads\/2023\/06\/enterprise-2-100x100.webp 100w, https:\/\/u2b.umfst.ro\/wp-content\/uploads\/2023\/06\/enterprise-2-150x150.webp 150w\" sizes=\"(max-width: 100px) 100vw, 100px\" \/> \n <h3> Cercetare Aplicat\u0103<br><br> <\/h3> <p>\u2714 Universitatea de\u021bine de o re\u021bea proprie de centre de cercetare<\/p> <p>\u2714 \u00cempreun\u0103 putem dezvolta solu\u021bii inovatoare<\/p> <p>\u2714 Dispunem de echipamente de ultim\u0103 genera\u021bie \u0219i de resursa uman\u0103 necesar\u0103 derul\u0103rii de proiecte de cercetare comune<\/p>\n<a href=\"https:\/\/u2b.umfst.ro\/cercetare\" > Afl\u0103 mai multe <\/a>","_links":{"self":[{"href":"https:\/\/u2b.umfst.ro\/en\/wp-json\/wp\/v2\/pages\/27696","targetHints":{"allow":["GET"]}}],"collection":[{"href":"https:\/\/u2b.umfst.ro\/en\/wp-json\/wp\/v2\/pages"}],"about":[{"href":"https:\/\/u2b.umfst.ro\/en\/wp-json\/wp\/v2\/types\/page"}],"author":[{"embeddable":true,"href":"https:\/\/u2b.umfst.ro\/en\/wp-json\/wp\/v2\/users\/3"}],"replies":[{"embeddable":true,"href":"https:\/\/u2b.umfst.ro\/en\/wp-json\/wp\/v2\/comments?post=27696"}],"version-history":[{"count":0,"href":"https:\/\/u2b.umfst.ro\/en\/wp-json\/wp\/v2\/pages\/27696\/revisions"}],"wp:attachment":[{"href":"https:\/\/u2b.umfst.ro\/en\/wp-json\/wp\/v2\/media?parent=27696"}],"curies":[{"name":"wp","href":"https:\/\/api.w.org\/{rel}","templated":true}]}}